{"id":2641,"date":"2025-06-04T08:57:23","date_gmt":"2025-06-04T06:57:23","guid":{"rendered":"https:\/\/www.infomobility.pr.it\/european-projects\/"},"modified":"2025-06-04T08:57:23","modified_gmt":"2025-06-04T06:57:23","slug":"european-projects","status":"publish","type":"page","link":"https:\/\/www.infomobility.pr.it\/en\/european-projects\/","title":{"rendered":"European Projects"},"content":{"rendered":"<div class=\"wpb-content-wrapper\"><p>[vc_row][vc_column width=&#8221;1\/1&#8243;][uncode_block id=&#8221;9&#8243;][\/vc_column][\/vc_row][vc_row unlock_row=&#8221;&#8221; row_height_percent=&#8221;0&#8243; overlay_alpha=&#8221;50&#8243; equal_height=&#8221;yes&#8221; gutter_size=&#8221;3&#8243; column_width_percent=&#8221;100&#8243; shift_y=&#8221;0&#8243; z_index=&#8221;0&#8243; uncode_shortcode_id=&#8221;186091&#8243;][vc_column column_width_percent=&#8221;100&#8243; position_vertical=&#8221;middle&#8221; align_horizontal=&#8221;align_center&#8221; gutter_size=&#8221;3&#8243; overlay_alpha=&#8221;50&#8243; shift_x=&#8221;0&#8243; shift_y=&#8221;0&#8243; shift_y_down=&#8221;0&#8243; z_index=&#8221;0&#8243; medium_width=&#8221;0&#8243; mobile_width=&#8221;0&#8243; width=&#8221;1\/12&#8243;][\/vc_column][vc_column width=&#8221;10\/12&#8243;][vc_custom_heading text_color=&#8221;color-846806&#8243; heading_semantic=&#8221;h1&#8243; text_size=&#8221;fontsize-223480&#8243; text_weight=&#8221;700&#8243; text_height=&#8221;&#8221; uncode_shortcode_id=&#8221;324553&#8243; text_color_type=&#8221;uncode-palette&#8221;]European Projects[\/vc_custom_heading][vc_empty_space empty_h=&#8221;1&#8243;][vc_custom_heading text_color=&#8221;color-wvjs&#8221; heading_semantic=&#8221;h1&#8243; text_font=&#8221;font-555555&#8243; text_size=&#8221;fontsize-966759&#8243; text_weight=&#8221;300&#8243; uncode_shortcode_id=&#8221;102823&#8243; text_color_type=&#8221;uncode-palette&#8221;]The Infomobility European Projects office researches and manages direct funding from the European Union relating to development, innovation and implementation programs for sustainable mobility, through partnership participation in consortia with other European cities and administrations.<\/p>\n<p>&nbsp;<\/p>\n<p>Participation in European projects allows the company to improve its skills and scientific and cultural knowledge, to learn new work tools and strategies. Working in sinergy with other countries and municipalities offers to the city of Parma, its citizens and its companies, new opportunities for growth and sustainable development according to the objectives of the European Union.[\/vc_custom_heading][vc_empty_space empty_h=&#8221;1&#8243;][\/vc_column][vc_column width=&#8221;1\/12&#8243;][\/vc_column][\/vc_row][vc_row row_height_percent=&#8221;0&#8243; override_padding=&#8221;yes&#8221; h_padding=&#8221;2&#8243; top_padding=&#8221;2&#8243; bottom_padding=&#8221;3&#8243; overlay_alpha=&#8221;50&#8243; gutter_size=&#8221;3&#8243; column_width_percent=&#8221;100&#8243; shift_y=&#8221;0&#8243; z_index=&#8221;0&#8243; el_class=&#8221;section_title&#8221; uncode_shortcode_id=&#8221;119601&#8243;][vc_column width=&#8221;1\/12&#8243;][\/vc_column][vc_column column_width_percent=&#8221;100&#8243; gutter_size=&#8221;3&#8243; overlay_alpha=&#8221;50&#8243; shift_x=&#8221;0&#8243; shift_y=&#8221;0&#8243; shift_y_down=&#8221;0&#8243; z_index=&#8221;0&#8243; medium_width=&#8221;0&#8243; mobile_width=&#8221;0&#8243; width=&#8221;10\/12&#8243; uncode_shortcode_id=&#8221;209015&#8243;][vc_custom_heading text_color=&#8221;color-wvjs&#8221; heading_semantic=&#8221;h1&#8243; text_size=&#8221;fontsize-105065&#8243; text_weight=&#8221;700&#8243; text_height=&#8221;fontheight-161307&#8243; el_class=&#8221;arrow_yellow my_title_list&#8221; el_id=&#8221;0&#8243; uncode_shortcode_id=&#8221;209428&#8243; text_color_type=&#8221;uncode-palette&#8221;]RUGGEDISED[\/vc_custom_heading][vc_empty_space empty_h=&#8221;1&#8243;][vc_custom_heading text_color=&#8221;color-846806&#8243; heading_semantic=&#8221;h3&#8243; text_size=&#8221;fontsize-966759&#8243; text_weight=&#8221;700&#8243; uncode_shortcode_id=&#8221;146128&#8243; text_color_type=&#8221;uncode-palette&#8221;]Rotterdam, Ume\u00e5 and Glasgow \u2013 Generating Exemplar Districts In Sustainable Energy Deployment[\/vc_custom_heading][vc_empty_space empty_h=&#8221;1&#8243;][vc_custom_heading text_color=&#8221;color-wvjs&#8221; heading_semantic=&#8221;h1&#8243; text_font=&#8221;font-555555&#8243; text_size=&#8221;fontsize-966759&#8243; text_weight=&#8221;300&#8243; uncode_shortcode_id=&#8221;387712&#8243; text_color_type=&#8221;uncode-palette&#8221;]<strong>PROGRAM<\/strong>: Horizon 2020, SCC-1-2016 Smart Cities and Communities lighthouse project<\/p>\n<p>&nbsp;<\/p>\n<p><strong>DURATION<\/strong>: 2016-2022 (5 anni pi\u00f9 1)<\/p>\n<p>&nbsp;<\/p>\n<p><strong>PARTNER<\/strong>: 34 partners, 8 member states of the European Union: Netherlands, Great Britain, Sweden, Italy, Poland, Czech Republic, Austria, Germany.<\/p>\n<p>&nbsp;<\/p>\n<p><strong>ABSTRACT<\/strong>: The project aims to make euoropean cities smart and resilient, to accelerate the transition to the low carbon economy, to improve the quality of life of citizens and the environment and to increase competitiveness, employment and economic growth. As part of this project, the city of Parma has developed a roadmap, a plan of initiatives and investments together with the creation of a local Smart City Governance. The coordination group plays a role in connecting and promoting events within the Municipality and with the support of local stakeholders they develop and exchange project skills and ideas with other European cities. The Parma Futuro Smart website was created, it\u2019s a virtual hub where ideas, projects and technological innovation converge and where the most important local companies interact with each other.[\/vc_custom_heading][vc_button border_width=&#8221;0&#8243; link=&#8221;url:http%3A%2F%2Fparmafuturosmart.comune.parma.it%2F|target:_blank&#8221; el_class=&#8221;btn_red&#8221; uncode_shortcode_id=&#8221;131452&#8243;]Go to site[\/vc_button][\/vc_column][vc_column width=&#8221;1\/12&#8243;][\/vc_column][\/vc_row][vc_row row_height_percent=&#8221;0&#8243; override_padding=&#8221;yes&#8221; h_padding=&#8221;2&#8243; top_padding=&#8221;2&#8243; bottom_padding=&#8221;3&#8243; overlay_alpha=&#8221;50&#8243; gutter_size=&#8221;3&#8243; column_width_percent=&#8221;100&#8243; shift_y=&#8221;0&#8243; z_index=&#8221;0&#8243; el_class=&#8221;section_title&#8221; uncode_shortcode_id=&#8221;119601&#8243;][vc_column width=&#8221;1\/12&#8243;][\/vc_column][vc_column column_width_percent=&#8221;100&#8243; gutter_size=&#8221;3&#8243; overlay_alpha=&#8221;50&#8243; shift_x=&#8221;0&#8243; shift_y=&#8221;0&#8243; shift_y_down=&#8221;0&#8243; z_index=&#8221;0&#8243; medium_width=&#8221;0&#8243; mobile_width=&#8221;0&#8243; width=&#8221;10\/12&#8243; uncode_shortcode_id=&#8221;209015&#8243;][vc_custom_heading text_color=&#8221;color-wvjs&#8221; heading_semantic=&#8221;h1&#8243; text_size=&#8221;fontsize-105065&#8243; text_weight=&#8221;700&#8243; text_height=&#8221;fontheight-161307&#8243; el_class=&#8221;arrow_yellow my_title_list&#8221; el_id=&#8221;1&#8243; uncode_shortcode_id=&#8221;781572&#8243; text_color_type=&#8221;uncode-palette&#8221;]AWAIR[\/vc_custom_heading][vc_empty_space empty_h=&#8221;1&#8243;][vc_custom_heading text_color=&#8221;color-846806&#8243; heading_semantic=&#8221;h3&#8243; text_size=&#8221;fontsize-966759&#8243; text_weight=&#8221;700&#8243; uncode_shortcode_id=&#8221;117472&#8243; text_color_type=&#8221;uncode-palette&#8221;]EnvironmentAl integrated, multilevel knoWledge and approaches to counteract critical AIR pollution events, improving vulnerable citizens quality of life in Central Europe Functional Urban Areas[\/vc_custom_heading][vc_empty_space empty_h=&#8221;1&#8243;][vc_custom_heading text_color=&#8221;color-wvjs&#8221; heading_semantic=&#8221;h1&#8243; text_font=&#8221;font-555555&#8243; text_size=&#8221;fontsize-966759&#8243; text_weight=&#8221;300&#8243; uncode_shortcode_id=&#8221;173781&#8243; text_color_type=&#8221;uncode-palette&#8221;]<strong>PROGRAM<\/strong>: Interreg Central Europe<\/p>\n<p>&nbsp;<\/p>\n<p><strong>DURATION<\/strong>: 2017 &#8211; 2020<\/p>\n<p>&nbsp;<\/p>\n<p><strong>PARTNER<\/strong>Municipality of Parma, ARPAE Emilia Romagna, National Interuniversity Consortium for Environmental Sciences (CINSA) &#8211; University of Parma and European partners from Germany (Helmoltz Research Institute of Munich), Poland (Municipality of Katowice and GIG Research Institute &#8211; Central Mining Institute), Hungary (Zuglo, Municipality of Budapest).<\/p>\n<p>&nbsp;<\/p>\n<p><strong>ABSTRACT<\/strong>: The AWAIR project has addressed the problem of air quality as a common challenge for those areas of Central Europe characterized by strong anthropogenic pressures and conditions of air stagnation. Priority attention is focused on acute episodes and in particular on the implementation of actions aimed at reducing the levels of atmospheric pollutants, safeguarding the health of citizens. The project collect knowledge and experience of the partners in order to define an appropriate set of mitigation and adaptation actions, promoting an integrated management system for acute pollution episodes.[\/vc_custom_heading][vc_button border_width=&#8221;0&#8243; link=&#8221;url:https%3A%2F%2Fwww.interreg-central.eu%2FContent.Node%2FAWAIR%2FAWAIR.html|target:_blank&#8221; el_class=&#8221;btn_red&#8221; uncode_shortcode_id=&#8221;861216&#8243;]Go to site[\/vc_button][\/vc_column][vc_column width=&#8221;1\/12&#8243;][\/vc_column][\/vc_row][vc_row row_height_percent=&#8221;0&#8243; override_padding=&#8221;yes&#8221; h_padding=&#8221;2&#8243; top_padding=&#8221;2&#8243; bottom_padding=&#8221;3&#8243; overlay_alpha=&#8221;50&#8243; gutter_size=&#8221;3&#8243; column_width_percent=&#8221;100&#8243; shift_y=&#8221;0&#8243; z_index=&#8221;0&#8243; el_class=&#8221;section_title&#8221; uncode_shortcode_id=&#8221;119601&#8243;][vc_column width=&#8221;1\/12&#8243;][\/vc_column][vc_column column_width_percent=&#8221;100&#8243; gutter_size=&#8221;3&#8243; overlay_alpha=&#8221;50&#8243; shift_x=&#8221;0&#8243; shift_y=&#8221;0&#8243; shift_y_down=&#8221;0&#8243; z_index=&#8221;0&#8243; medium_width=&#8221;0&#8243; mobile_width=&#8221;0&#8243; width=&#8221;10\/12&#8243; uncode_shortcode_id=&#8221;209015&#8243;][vc_custom_heading text_color=&#8221;color-wvjs&#8221; heading_semantic=&#8221;h1&#8243; text_size=&#8221;fontsize-105065&#8243; text_weight=&#8221;700&#8243; text_height=&#8221;fontheight-161307&#8243; el_class=&#8221;arrow_yellow my_title_list&#8221; el_id=&#8221;2&#8243; uncode_shortcode_id=&#8221;212139&#8243; text_color_type=&#8221;uncode-palette&#8221;]AMIIGA[\/vc_custom_heading][vc_empty_space empty_h=&#8221;1&#8243;][vc_custom_heading text_color=&#8221;color-846806&#8243; heading_semantic=&#8221;h3&#8243; text_size=&#8221;fontsize-966759&#8243; text_weight=&#8221;700&#8243; uncode_shortcode_id=&#8221;150516&#8243; text_color_type=&#8221;uncode-palette&#8221;]Integrated Approach to Management of Groundwater Quality in Functional Urban Areas[\/vc_custom_heading][vc_empty_space empty_h=&#8221;1&#8243;][vc_custom_heading text_color=&#8221;color-wvjs&#8221; heading_semantic=&#8221;h1&#8243; text_font=&#8221;font-555555&#8243; text_size=&#8221;fontsize-966759&#8243; text_weight=&#8221;300&#8243; uncode_shortcode_id=&#8221;202472&#8243; text_color_type=&#8221;uncode-palette&#8221;]<strong>PROGRAM<\/strong>: Interreg Central Europe<\/p>\n<p>&nbsp;<\/p>\n<p><strong>DURATION<\/strong>: 2016-2019<\/p>\n<p>&nbsp;<\/p>\n<p><strong>PARTNER<\/strong>: 6 countries, 12 project partners, 8 regions, 7 pilot actions. Municipality of Parma, Jaworzno (Poland); University of Zagreb, Faculty of Civil Engineering (Croatia); Water supply company from Zadar (Croatia); city \u200b\u200bof Novy Bydzov (Czech Republic); Liberec Technical University (Czech Republic); Center of Geology in Survey (Slovenia); State capital of Stuttgart (Germany); Lombardy Region (Italy); Polytechnic University of Milan (Italy).<\/p>\n<p>&nbsp;<\/p>\n<p><strong>ABSTRACT<\/strong>: the project tackled the problem of groundwater contamination in urban centers and suburbs, in a specific area called FUA &#8211; Functional Urban Area, which includes the urban and extra-urban areas, with an environmental, hydrogeological connection, economic and demographic. Groundwater has no borders and the solutions for environmental management and the mitigation of pollution sources require the comparison and sharing of ideas, actions and projects.[\/vc_custom_heading][vc_button border_width=&#8221;0&#8243; link=&#8221;url:https%3A%2F%2Fwww.interreg-central.eu%2FContent.Node%2FAMIIGA.html|target:_blank&#8221; el_class=&#8221;btn_red&#8221; uncode_shortcode_id=&#8221;176531&#8243;]Go to site[\/vc_button][\/vc_column][vc_column width=&#8221;1\/12&#8243;][\/vc_column][\/vc_row][vc_row row_height_percent=&#8221;0&#8243; override_padding=&#8221;yes&#8221; h_padding=&#8221;2&#8243; top_padding=&#8221;2&#8243; bottom_padding=&#8221;3&#8243; overlay_alpha=&#8221;50&#8243; gutter_size=&#8221;3&#8243; column_width_percent=&#8221;100&#8243; shift_y=&#8221;0&#8243; z_index=&#8221;0&#8243; el_class=&#8221;section_title&#8221; uncode_shortcode_id=&#8221;119601&#8243;][vc_column width=&#8221;1\/12&#8243;][\/vc_column][vc_column column_width_percent=&#8221;100&#8243; gutter_size=&#8221;3&#8243; overlay_alpha=&#8221;50&#8243; shift_x=&#8221;0&#8243; shift_y=&#8221;0&#8243; shift_y_down=&#8221;0&#8243; z_index=&#8221;0&#8243; medium_width=&#8221;0&#8243; mobile_width=&#8221;0&#8243; width=&#8221;10\/12&#8243; uncode_shortcode_id=&#8221;209015&#8243;][vc_custom_heading text_color=&#8221;color-wvjs&#8221; heading_semantic=&#8221;h1&#8243; text_size=&#8221;fontsize-105065&#8243; text_weight=&#8221;700&#8243; text_height=&#8221;fontheight-161307&#8243; el_class=&#8221;arrow_yellow my_title_list&#8221; el_id=&#8221;3&#8243; uncode_shortcode_id=&#8221;912693&#8243; text_color_type=&#8221;uncode-palette&#8221;]SIMON[\/vc_custom_heading][vc_empty_space empty_h=&#8221;1&#8243;][vc_custom_heading text_color=&#8221;color-846806&#8243; heading_semantic=&#8221;h3&#8243; text_size=&#8221;fontsize-966759&#8243; text_weight=&#8221;700&#8243; uncode_shortcode_id=&#8221;140367&#8243; text_color_type=&#8221;uncode-palette&#8221;]Sustainable MObility for Older and Impared people[\/vc_custom_heading][vc_empty_space empty_h=&#8221;1&#8243;][vc_custom_heading text_color=&#8221;color-wvjs&#8221; heading_semantic=&#8221;h1&#8243; text_font=&#8221;font-555555&#8243; text_size=&#8221;fontsize-966759&#8243; text_weight=&#8221;300&#8243; uncode_shortcode_id=&#8221;103973&#8243; text_color_type=&#8221;uncode-palette&#8221;]<strong>PROGRAM<\/strong>: quadro per la competitivit\u00e0 e l&#8217;innovazione (CIP).<\/p>\n<p>&nbsp;<\/p>\n<p><strong>DURATION<\/strong>: 2014-2016<\/p>\n<p>&nbsp;<\/p>\n<p><strong>PARTNER<\/strong>: Municipality of Parma, Consorcio de Transportes and Municipality of Madrid, EMEL &#8211; Empresa P\u00fablica Municipal de Mobilidade and Estacionato de Lisboa. ETRA Investigaci\u00f3n y Desarrollo S.A. is involved in research, data collection and technological development. and Instituto de Biomec\u00e1nica of Valencia and LocosLab of Bonn (Germany).<\/p>\n<p>&nbsp;<\/p>\n<p><strong>ABSTRACT<\/strong> : The aim of the project was setting guidelines to improve the mobility of people with disabilities, in urban areas, through technological applications that aim to facilitate access to the limited traffic zones (ZTL) and to parking reserved for disabled people and also to limit the improper use and counterfeiting of dedicated parking permits.[\/vc_custom_heading][vc_icon position=&#8221;left&#8221; display=&#8221;inline&#8221; icon=&#8221;fa fa-facebook-square&#8221; icon_color=&#8221;color-846806&#8243; size=&#8221;fa-3x&#8221; uncode_shortcode_id=&#8221;108275&#8243; icon_color_type=&#8221;uncode-palette&#8221; link=&#8221;url:https%3A%2F%2Fwww.facebook.com%2FSIMONsolution%2F|target:_blank&#8221;][\/vc_icon][vc_icon position=&#8221;left&#8221; display=&#8221;inline&#8221; icon=&#8221;fa fa-youtube-square&#8221; icon_color=&#8221;color-468877&#8243; size=&#8221;fa-3x&#8221; uncode_shortcode_id=&#8221;164951&#8243; icon_color_type=&#8221;uncode-palette&#8221; link=&#8221;url:https%3A%2F%2Fwww.youtube.com%2Fchannel%2FUCEO4s3zzNHfUZR8cw-5_b3A|target:_blank&#8221;][\/vc_icon][\/vc_column][vc_column width=&#8221;1\/12&#8243;][\/vc_column][\/vc_row][vc_row row_height_percent=&#8221;0&#8243; override_padding=&#8221;yes&#8221; h_padding=&#8221;2&#8243; top_padding=&#8221;2&#8243; bottom_padding=&#8221;3&#8243; overlay_alpha=&#8221;50&#8243; gutter_size=&#8221;3&#8243; column_width_percent=&#8221;100&#8243; shift_y=&#8221;0&#8243; z_index=&#8221;0&#8243; el_class=&#8221;section_title&#8221; uncode_shortcode_id=&#8221;119601&#8243;][vc_column width=&#8221;1\/12&#8243;][\/vc_column][vc_column column_width_percent=&#8221;100&#8243; gutter_size=&#8221;3&#8243; overlay_alpha=&#8221;50&#8243; shift_x=&#8221;0&#8243; shift_y=&#8221;0&#8243; shift_y_down=&#8221;0&#8243; z_index=&#8221;0&#8243; medium_width=&#8221;0&#8243; mobile_width=&#8221;0&#8243; width=&#8221;10\/12&#8243; uncode_shortcode_id=&#8221;209015&#8243;][vc_custom_heading text_color=&#8221;color-wvjs&#8221; heading_semantic=&#8221;h1&#8243; text_size=&#8221;fontsize-105065&#8243; text_weight=&#8221;700&#8243; text_height=&#8221;fontheight-161307&#8243; el_class=&#8221;arrow_yellow my_title_list&#8221; el_id=&#8221;4&#8243; uncode_shortcode_id=&#8221;142730&#8243; text_color_type=&#8221;uncode-palette&#8221;]ECOSTARS[\/vc_custom_heading][vc_empty_space empty_h=&#8221;1&#8243;][vc_custom_heading text_color=&#8221;color-846806&#8243; heading_semantic=&#8221;h3&#8243; text_size=&#8221;fontsize-966759&#8243; text_weight=&#8221;700&#8243; uncode_shortcode_id=&#8221;756887&#8243; text_color_type=&#8221;uncode-palette&#8221;]Fleet Recognition Scheme[\/vc_custom_heading][vc_empty_space empty_h=&#8221;1&#8243;][vc_custom_heading text_color=&#8221;color-wvjs&#8221; heading_semantic=&#8221;h1&#8243; text_font=&#8221;font-555555&#8243; text_size=&#8221;fontsize-966759&#8243; text_weight=&#8221;300&#8243; uncode_shortcode_id=&#8221;147302&#8243; text_color_type=&#8221;uncode-palette&#8221;]Project aimed at the recognition and evaluation of fleets to promote efficient and eco-sustainable freight and passenger transport. Funded by IEE &#8211; Intelligent Energy Europe.<\/p>\n<p>&nbsp;<\/p>\n<p><strong>PROGRAM<\/strong>: IEE \u2013 Intelligent Energy Europe.<\/p>\n<p>&nbsp;<\/p>\n<p><strong>DURATION<\/strong>: 2011-2014<\/p>\n<p>&nbsp;<\/p>\n<p><strong>PARTNER<\/strong>: the scheme has been activated in 8 European cities, in addition to Parma: Edinburgh (United Kingdom), the Municipality of Rotterdam (Holland), the city of Ostrava (Czech Republic), the Cantabria region (Spain), the Basque region (Spain), the South East Region (Sweden).<\/p>\n<p>&nbsp;<\/p>\n<p><strong>ABSTRACT<\/strong>: Ecostars provides valid support to operators of all types of vehicles, commercial and passenger, to all sectors of activity (freight transport, industrial transport, public and private sectors, retail trade, third parties, freelance, public transport, etc ..) and fleets of all sizes. The projects aims to help operators who work in Emilia Romagna Region to reduce costs by improving their operational efficiency, as well as to increase their awareness of the important role they can play, in the improvement of air quality.[\/vc_custom_heading][\/vc_column][vc_column width=&#8221;1\/12&#8243;][\/vc_column][\/vc_row][vc_row row_height_percent=&#8221;0&#8243; override_padding=&#8221;yes&#8221; h_padding=&#8221;2&#8243; top_padding=&#8221;2&#8243; bottom_padding=&#8221;3&#8243; overlay_alpha=&#8221;50&#8243; gutter_size=&#8221;3&#8243; column_width_percent=&#8221;100&#8243; shift_y=&#8221;0&#8243; z_index=&#8221;0&#8243; el_class=&#8221;section_title&#8221; uncode_shortcode_id=&#8221;119601&#8243;][vc_column width=&#8221;1\/12&#8243;][\/vc_column][vc_column column_width_percent=&#8221;100&#8243; gutter_size=&#8221;3&#8243; overlay_alpha=&#8221;50&#8243; shift_x=&#8221;0&#8243; shift_y=&#8221;0&#8243; shift_y_down=&#8221;0&#8243; z_index=&#8221;0&#8243; medium_width=&#8221;0&#8243; mobile_width=&#8221;0&#8243; width=&#8221;10\/12&#8243; uncode_shortcode_id=&#8221;209015&#8243;][vc_custom_heading text_color=&#8221;color-wvjs&#8221; heading_semantic=&#8221;h1&#8243; text_size=&#8221;fontsize-105065&#8243; text_weight=&#8221;700&#8243; text_height=&#8221;fontheight-161307&#8243; el_class=&#8221;arrow_yellow my_title_list&#8221; el_id=&#8221;5&#8243; uncode_shortcode_id=&#8221;160765&#8243; text_color_type=&#8221;uncode-palette&#8221;]CIVINET ITALIA[\/vc_custom_heading][vc_empty_space empty_h=&#8221;1&#8243;][vc_custom_heading text_color=&#8221;color-wvjs&#8221; heading_semantic=&#8221;h1&#8243; text_font=&#8221;font-555555&#8243; text_size=&#8221;fontsize-966759&#8243; text_weight=&#8221;300&#8243; uncode_shortcode_id=&#8221;592551&#8243; text_color_type=&#8221;uncode-palette&#8221;]CIVITAS network for sustainable mobility. It is a network of cities that share experiences and develop innovative sustainable mobility policies and measures, through workshops, seminars, training courses and professional exchanges, publications and newsletters.<\/p>\n<p>&nbsp;<\/p>\n<p><strong>PROGRAM<\/strong>: CIVITAS Capital<\/p>\n<p>&nbsp;<\/p>\n<p><strong>DURATION<\/strong>: 2014 &#8211; 2017<\/p>\n<p>&nbsp;<\/p>\n<p><strong>PARTNER<\/strong>: https:\/\/civitas.eu\/civinet\/civinet-italia<\/p>\n<p>&nbsp;<\/p>\n<p><strong>ABSTRACT<\/strong>The CIVINET Network aims to promote the CIVITAS philosophy for sustainable mobility and its principles towards other cities, media, citizens and all other interested parties on Italy; it aims to support dialogue with Local Authorities, Ministries and the European Community on sustainable mobility item with particular attention to the specific issues of the geographical region included in the network; it allows cities participating in the network to exchange their experiences without language barriers and work in partnership with innovative cities; it allows dialogue with national institutions and with the European Union on politics, laws and mobility funds.[\/vc_custom_heading][vc_button border_width=&#8221;0&#8243; link=&#8221;url:https%3A%2F%2Fcivitas.eu%2Fcivinet%2Fcivinet-italia|target:_blank&#8221; el_class=&#8221;btn_red&#8221; uncode_shortcode_id=&#8221;199839&#8243;]Go to site[\/vc_button][\/vc_column][vc_column width=&#8221;1\/12&#8243;][\/vc_column][\/vc_row][vc_row row_height_percent=&#8221;0&#8243; override_padding=&#8221;yes&#8221; h_padding=&#8221;2&#8243; top_padding=&#8221;2&#8243; bottom_padding=&#8221;3&#8243; overlay_alpha=&#8221;50&#8243; gutter_size=&#8221;3&#8243; column_width_percent=&#8221;100&#8243; shift_y=&#8221;0&#8243; z_index=&#8221;0&#8243; el_class=&#8221;section_title&#8221; uncode_shortcode_id=&#8221;119601&#8243;][vc_column width=&#8221;1\/12&#8243;][\/vc_column][vc_column column_width_percent=&#8221;100&#8243; gutter_size=&#8221;3&#8243; overlay_alpha=&#8221;50&#8243; shift_x=&#8221;0&#8243; shift_y=&#8221;0&#8243; shift_y_down=&#8221;0&#8243; z_index=&#8221;0&#8243; medium_width=&#8221;0&#8243; mobile_width=&#8221;0&#8243; width=&#8221;10\/12&#8243; uncode_shortcode_id=&#8221;209015&#8243;][vc_custom_heading text_color=&#8221;color-wvjs&#8221; heading_semantic=&#8221;h1&#8243; text_size=&#8221;fontsize-105065&#8243; text_weight=&#8221;700&#8243; text_height=&#8221;fontheight-161307&#8243; el_class=&#8221;arrow_yellow my_title_list&#8221; el_id=&#8221;6&#8243; uncode_shortcode_id=&#8221;199100&#8243; text_color_type=&#8221;uncode-palette&#8221;]CARMA[\/vc_custom_heading][vc_empty_space empty_h=&#8221;1&#8243;][vc_custom_heading text_color=&#8221;color-846806&#8243; heading_semantic=&#8221;h3&#8243; text_size=&#8221;fontsize-966759&#8243; text_weight=&#8221;700&#8243; uncode_shortcode_id=&#8221;564168&#8243; text_color_type=&#8221;uncode-palette&#8221;]Cycling Awareness Raising and MArketing[\/vc_custom_heading][vc_empty_space empty_h=&#8221;1&#8243;][vc_custom_heading text_color=&#8221;color-wvjs&#8221; heading_semantic=&#8221;h1&#8243; text_font=&#8221;font-555555&#8243; text_size=&#8221;fontsize-966759&#8243; text_weight=&#8221;300&#8243; uncode_shortcode_id=&#8221;169561&#8243; text_color_type=&#8221;uncode-palette&#8221;]The project promotes and encourages the use of bicycles among citizens in urban area.<\/p>\n<p>&nbsp;<\/p>\n<p><strong>PROGRAM<\/strong>: IEE \u2013 Intelligent Energy Europe<\/p>\n<p>&nbsp;<\/p>\n<p><strong>DURATION<\/strong>: 2010 &#8211; 2013<\/p>\n<p>&nbsp;<\/p>\n<p><strong>PARTNER<\/strong>: City of Parma (Italy), ClickUtility (Italy), Institute for Studies of the Integration of Systems ISINNOVA (Italy), City of Riga (Latvia), City of Eindhoven (Netherlands), City of G\u00f6teborg, Traffic and Public Transport Authority (Sweden), The Royal Borough of Kensington and Chelsea (United Kingdom)<\/p>\n<p>&nbsp;<\/p>\n<p><strong>ABSTRACT<\/strong>: The image of the bicycle is different from country to country in Europe. In some countries cycling is popular and positive and is widely considered the best mode of transport. In others countries cycling is used only commuting or for sport. While in other countries cycling is practiced only by commuters and sportsmen. The project objectives are: to make a change in the behavior of citizens by encouraging them to use the bicycle more and to acquire a better understanding of how to change beliefs and behaviors.[\/vc_custom_heading][\/vc_column][vc_column width=&#8221;1\/12&#8243;][\/vc_column][\/vc_row]<\/p>\n<\/div>","protected":false},"excerpt":{"rendered":"<p>[vc_row][vc_column width=&#8221;1\/1&#8243;][uncode_block id=&#8221;9&#8243;][\/vc_column][\/vc_row][vc_row unlock_row=&#8221;&#8221; row_height_percent=&#8221;0&#8243; overlay_alpha=&#8221;50&#8243; equal_height=&#8221;yes&#8221; gutter_size=&#8221;3&#8243; column_width_percent=&#8221;100&#8243; shift_y=&#8221;0&#8243; z_index=&#8221;0&#8243; uncode_shortcode_id=&#8221;186091&#8243;][vc_column column_width_percent=&#8221;100&#8243; position_vertical=&#8221;middle&#8221; align_horizontal=&#8221;align_center&#8221; gutter_size=&#8221;3&#8243; overlay_alpha=&#8221;50&#8243; shift_x=&#8221;0&#8243; shift_y=&#8221;0&#8243; shift_y_down=&#8221;0&#8243; [&hellip;]<\/p>\n","protected":false},"author":1,"featured_media":0,"parent":0,"menu_order":0,"comment_status":"closed","ping_status":"closed","template":"","meta":{"footnotes":""},"class_list":["post-2641","page","type-page","status-publish","hentry"],"yoast_head":"<!-- This site is optimized with the Yoast SEO plugin v23.7 - https:\/\/yoast.com\/wordpress\/plugins\/seo\/ -->\n<title>European Projects - www.infomobility.pr.it<\/title>\n<meta name=\"robots\" content=\"index, follow, max-snippet:-1, max-image-preview:large, max-video-preview:-1\" \/>\n<link rel=\"canonical\" href=\"https:\/\/www.infomobility.pr.it\/en\/european-projects\/\" \/>\n<meta property=\"og:locale\" content=\"en_US\" \/>\n<meta property=\"og:type\" content=\"article\" \/>\n<meta property=\"og:title\" content=\"European Projects - www.infomobility.pr.it\" \/>\n<meta property=\"og:description\" content=\"[vc_row][vc_column width=&#8221;1\/1&#8243;][uncode_block id=&#8221;9&#8243;][\/vc_column][\/vc_row][vc_row unlock_row=&#8221;&#8221; row_height_percent=&#8221;0&#8243; overlay_alpha=&#8221;50&#8243; equal_height=&#8221;yes&#8221; gutter_size=&#8221;3&#8243; column_width_percent=&#8221;100&#8243; shift_y=&#8221;0&#8243; z_index=&#8221;0&#8243; uncode_shortcode_id=&#8221;186091&#8243;][vc_column column_width_percent=&#8221;100&#8243; position_vertical=&#8221;middle&#8221; align_horizontal=&#8221;align_center&#8221; gutter_size=&#8221;3&#8243; overlay_alpha=&#8221;50&#8243; shift_x=&#8221;0&#8243; shift_y=&#8221;0&#8243; shift_y_down=&#8221;0&#8243; [&hellip;]\" \/>\n<meta property=\"og:url\" content=\"https:\/\/www.infomobility.pr.it\/en\/european-projects\/\" \/>\n<meta property=\"og:site_name\" content=\"www.infomobility.pr.it\" \/>\n<meta property=\"article:publisher\" content=\"https:\/\/www.facebook.com\/infomobility\" \/>\n<meta name=\"twitter:card\" content=\"summary_large_image\" \/>\n<meta name=\"twitter:label1\" content=\"Est. reading time\" \/>\n\t<meta name=\"twitter:data1\" content=\"9 minutes\" \/>\n<script type=\"application\/ld+json\" class=\"yoast-schema-graph\">{\"@context\":\"https:\/\/schema.org\",\"@graph\":[{\"@type\":\"WebPage\",\"@id\":\"https:\/\/www.infomobility.pr.it\/en\/european-projects\/\",\"url\":\"https:\/\/www.infomobility.pr.it\/en\/european-projects\/\",\"name\":\"European Projects - www.infomobility.pr.it\",\"isPartOf\":{\"@id\":\"https:\/\/www.infomobility.pr.it\/#website\"},\"datePublished\":\"2025-06-04T06:57:23+00:00\",\"dateModified\":\"2025-06-04T06:57:23+00:00\",\"breadcrumb\":{\"@id\":\"https:\/\/www.infomobility.pr.it\/en\/european-projects\/#breadcrumb\"},\"inLanguage\":\"en-US\",\"potentialAction\":[{\"@type\":\"ReadAction\",\"target\":[\"https:\/\/www.infomobility.pr.it\/en\/european-projects\/\"]}]},{\"@type\":\"BreadcrumbList\",\"@id\":\"https:\/\/www.infomobility.pr.it\/en\/european-projects\/#breadcrumb\",\"itemListElement\":[{\"@type\":\"ListItem\",\"position\":1,\"name\":\"Home\",\"item\":\"https:\/\/www.infomobility.pr.it\/en\/\"},{\"@type\":\"ListItem\",\"position\":2,\"name\":\"European Projects\"}]},{\"@type\":\"WebSite\",\"@id\":\"https:\/\/www.infomobility.pr.it\/#website\",\"url\":\"https:\/\/www.infomobility.pr.it\/\",\"name\":\"www.infomobility.pr.it\",\"description\":\"Mobilit\u00e0 sostenibile, sosta e ztl nel Comune di Parma | Infomobility\",\"publisher\":{\"@id\":\"https:\/\/www.infomobility.pr.it\/#organization\"},\"potentialAction\":[{\"@type\":\"SearchAction\",\"target\":{\"@type\":\"EntryPoint\",\"urlTemplate\":\"https:\/\/www.infomobility.pr.it\/?s={search_term_string}\"},\"query-input\":{\"@type\":\"PropertyValueSpecification\",\"valueRequired\":true,\"valueName\":\"search_term_string\"}}],\"inLanguage\":\"en-US\"},{\"@type\":\"Organization\",\"@id\":\"https:\/\/www.infomobility.pr.it\/#organization\",\"name\":\"Mobilit\u00e0 sostenibile, sosta e ztl nel Comune di Parma | Infomobility\",\"url\":\"https:\/\/www.infomobility.pr.it\/\",\"logo\":{\"@type\":\"ImageObject\",\"inLanguage\":\"en-US\",\"@id\":\"https:\/\/www.infomobility.pr.it\/#\/schema\/logo\/image\/\",\"url\":\"https:\/\/www.infomobility.pr.it\/wp-content\/uploads\/2021\/05\/logo-1.png\",\"contentUrl\":\"https:\/\/www.infomobility.pr.it\/wp-content\/uploads\/2021\/05\/logo-1.png\",\"width\":1803,\"height\":393,\"caption\":\"Mobilit\u00e0 sostenibile, sosta e ztl nel Comune di Parma | Infomobility\"},\"image\":{\"@id\":\"https:\/\/www.infomobility.pr.it\/#\/schema\/logo\/image\/\"},\"sameAs\":[\"https:\/\/www.facebook.com\/infomobility\",\"https:\/\/www.instagram.com\/infomobility\/\"]}]}<\/script>\n<!-- \/ Yoast SEO plugin. -->","yoast_head_json":{"title":"European Projects - www.infomobility.pr.it","robots":{"index":"index","follow":"follow","max-snippet":"max-snippet:-1","max-image-preview":"max-image-preview:large","max-video-preview":"max-video-preview:-1"},"canonical":"https:\/\/www.infomobility.pr.it\/en\/european-projects\/","og_locale":"en_US","og_type":"article","og_title":"European Projects - www.infomobility.pr.it","og_description":"[vc_row][vc_column width=&#8221;1\/1&#8243;][uncode_block id=&#8221;9&#8243;][\/vc_column][\/vc_row][vc_row unlock_row=&#8221;&#8221; row_height_percent=&#8221;0&#8243; overlay_alpha=&#8221;50&#8243; equal_height=&#8221;yes&#8221; gutter_size=&#8221;3&#8243; column_width_percent=&#8221;100&#8243; shift_y=&#8221;0&#8243; z_index=&#8221;0&#8243; uncode_shortcode_id=&#8221;186091&#8243;][vc_column column_width_percent=&#8221;100&#8243; position_vertical=&#8221;middle&#8221; align_horizontal=&#8221;align_center&#8221; gutter_size=&#8221;3&#8243; overlay_alpha=&#8221;50&#8243; shift_x=&#8221;0&#8243; shift_y=&#8221;0&#8243; shift_y_down=&#8221;0&#8243; [&hellip;]","og_url":"https:\/\/www.infomobility.pr.it\/en\/european-projects\/","og_site_name":"www.infomobility.pr.it","article_publisher":"https:\/\/www.facebook.com\/infomobility","twitter_card":"summary_large_image","twitter_misc":{"Est. reading time":"9 minutes"},"schema":{"@context":"https:\/\/schema.org","@graph":[{"@type":"WebPage","@id":"https:\/\/www.infomobility.pr.it\/en\/european-projects\/","url":"https:\/\/www.infomobility.pr.it\/en\/european-projects\/","name":"European Projects - www.infomobility.pr.it","isPartOf":{"@id":"https:\/\/www.infomobility.pr.it\/#website"},"datePublished":"2025-06-04T06:57:23+00:00","dateModified":"2025-06-04T06:57:23+00:00","breadcrumb":{"@id":"https:\/\/www.infomobility.pr.it\/en\/european-projects\/#breadcrumb"},"inLanguage":"en-US","potentialAction":[{"@type":"ReadAction","target":["https:\/\/www.infomobility.pr.it\/en\/european-projects\/"]}]},{"@type":"BreadcrumbList","@id":"https:\/\/www.infomobility.pr.it\/en\/european-projects\/#breadcrumb","itemListElement":[{"@type":"ListItem","position":1,"name":"Home","item":"https:\/\/www.infomobility.pr.it\/en\/"},{"@type":"ListItem","position":2,"name":"European Projects"}]},{"@type":"WebSite","@id":"https:\/\/www.infomobility.pr.it\/#website","url":"https:\/\/www.infomobility.pr.it\/","name":"www.infomobility.pr.it","description":"Mobilit\u00e0 sostenibile, sosta e ztl nel Comune di Parma | Infomobility","publisher":{"@id":"https:\/\/www.infomobility.pr.it\/#organization"},"potentialAction":[{"@type":"SearchAction","target":{"@type":"EntryPoint","urlTemplate":"https:\/\/www.infomobility.pr.it\/?s={search_term_string}"},"query-input":{"@type":"PropertyValueSpecification","valueRequired":true,"valueName":"search_term_string"}}],"inLanguage":"en-US"},{"@type":"Organization","@id":"https:\/\/www.infomobility.pr.it\/#organization","name":"Mobilit\u00e0 sostenibile, sosta e ztl nel Comune di Parma | Infomobility","url":"https:\/\/www.infomobility.pr.it\/","logo":{"@type":"ImageObject","inLanguage":"en-US","@id":"https:\/\/www.infomobility.pr.it\/#\/schema\/logo\/image\/","url":"https:\/\/www.infomobility.pr.it\/wp-content\/uploads\/2021\/05\/logo-1.png","contentUrl":"https:\/\/www.infomobility.pr.it\/wp-content\/uploads\/2021\/05\/logo-1.png","width":1803,"height":393,"caption":"Mobilit\u00e0 sostenibile, sosta e ztl nel Comune di Parma | Infomobility"},"image":{"@id":"https:\/\/www.infomobility.pr.it\/#\/schema\/logo\/image\/"},"sameAs":["https:\/\/www.facebook.com\/infomobility","https:\/\/www.instagram.com\/infomobility\/"]}]}},"_links":{"self":[{"href":"https:\/\/www.infomobility.pr.it\/en\/wp-json\/wp\/v2\/pages\/2641"}],"collection":[{"href":"https:\/\/www.infomobility.pr.it\/en\/wp-json\/wp\/v2\/pages"}],"about":[{"href":"https:\/\/www.infomobility.pr.it\/en\/wp-json\/wp\/v2\/types\/page"}],"author":[{"embeddable":true,"href":"https:\/\/www.infomobility.pr.it\/en\/wp-json\/wp\/v2\/users\/1"}],"replies":[{"embeddable":true,"href":"https:\/\/www.infomobility.pr.it\/en\/wp-json\/wp\/v2\/comments?post=2641"}],"version-history":[{"count":1,"href":"https:\/\/www.infomobility.pr.it\/en\/wp-json\/wp\/v2\/pages\/2641\/revisions"}],"predecessor-version":[{"id":52070,"href":"https:\/\/www.infomobility.pr.it\/en\/wp-json\/wp\/v2\/pages\/2641\/revisions\/52070"}],"wp:attachment":[{"href":"https:\/\/www.infomobility.pr.it\/en\/wp-json\/wp\/v2\/media?parent=2641"}],"curies":[{"name":"wp","href":"https:\/\/api.w.org\/{rel}","templated":true}]}}